{"id":27,"date":"2021-04-07T15:01:36","date_gmt":"2021-04-07T13:01:36","guid":{"rendered":"http:\/\/plejada.romanisci.edu.pl\/nowa_strona2\/?page_id=27"},"modified":"2026-02-23T20:30:54","modified_gmt":"2026-02-23T19:30:54","slug":"philologies-romanes","status":"publish","type":"page","link":"https:\/\/plejada.romanisci.edu.pl\/fr\/philologies-romanes\/","title":{"rendered":"Philologies romanes"},"content":{"rendered":"\n<p><strong><u>Uniwersytet w Bia\u0142ymstoku<\/u><\/strong> (Wydzia\u0142 Filologiczny)<\/p>\n\n\n\n<p>Zak\u0142ad J\u0119zykoznawstwa Francuskiego, Kolegium J\u0119zykoznawstwa<\/p>\n\n\n\n<p>Responsable: <strong>Joanna Cholewa<\/strong><\/p>\n\n\n\n<p><a href=\"mailto:kj.filologia@uwb.edu.pl\" target=\"_blank\" rel=\"noreferrer noopener\">kj.filologia@uwb.edu.pl<\/a>, t\u00e9l. 85 745 74 50<strong><\/strong><\/p>\n\n\n\n<p>Zak\u0142ad Teorii i Antropologii Literatury, Kolegium Literaturoznawstwa<\/p>\n\n\n\n<p>Responsable: <strong>El\u017cbieta Kono\u0144czuk,<\/strong><\/p>\n\n\n\n<p><a href=\"mailto:kl.filologia@uwb.edu.pl\" target=\"_blank\" rel=\"noreferrer noopener\">kl.filologia@uwb.edu.pl<\/a>&gt;, t\u00e9l. 85 745 74 54<\/p>\n\n\n\n<p>ul. Liniarskiego 3<\/p>\n\n\n\n<p>15-420 Bia\u0142ystok<\/p>\n\n\n\n<p>Responsable pour le contact avec l\u2019association \u201ePlejada\u201d: <strong>dr hab. Joanna Cholewa<\/strong><\/p>\n\n\n\n<div style=\"height:100px\" aria-hidden=\"true\" class=\"wp-block-spacer\"><\/div>\n\n\n\n<p><strong><u>Uniwersytet Gda\u0144ski<\/u><\/strong> (Wydzia\u0142 Filologiczny)<\/p>\n\n\n\n<p>Instytut Filologii Roma\u0144skiej<\/p>\n\n\n\n<p>Directeur&nbsp;: <strong>Marek Mosakowski, prof. UG<\/strong><\/p>\n\n\n\n<p>Vice-directrice&nbsp;: <strong>Joanna Drzazgowska<\/strong><\/p>\n\n\n\n<p><a href=\"blank\" target=\"_blank\" rel=\"noreferrer noopener\">http&nbsp;:\/\/fil.ug.edu.pl\/wydzial\/instytuty_i_katedry\/instytut_filologii_romanskiej<\/a><\/p>\n\n\n\n<p><a href=\"about:blank\">filkdb@ug.edu.pl<\/a><\/p>\n\n\n\n<p>t\u00e9l. 58 523 30 39<\/p>\n\n\n\n<p>ul. Wita Stwosza 51<\/p>\n\n\n\n<p>80-308 Gda\u0144sk<\/p>\n\n\n\n<p>Responsable pour le contact avec l\u2019association \u201ePlejada\u201d&nbsp;: <strong>Ewa Wierzbowska<\/strong><\/p>\n\n\n\n<div style=\"height:100px\" aria-hidden=\"true\" class=\"wp-block-spacer\"><\/div>\n\n\n\n<p><strong><u>Uniwersytet Jagiello\u0144ski w Krakowie<\/u><\/strong> (Wydzia\u0142 Filologiczny)<\/p>\n\n\n\n<p>Instytut Filologii Roma\u0144skiej<\/p>\n\n\n\n<p>Directeur&nbsp;: <strong>Wac\u0142aw Rapak<\/strong><\/p>\n\n\n\n<p>Vice-directrice&nbsp;: <strong>Anna Klimkiewicz<\/strong><\/p>\n\n\n\n<p><a href=\"blank\" target=\"_blank\" rel=\"noreferrer noopener\">http&nbsp;:\/\/www.ifr.filg.uj.edu.pl\/instytut<\/a><\/p>\n\n\n\n<p><a href=\"about:blank\">filologia.romanska@filg.uj.edu.pl<\/a><\/p>\n\n\n\n<p>t\u00e9l. 12 663 44 20<\/p>\n\n\n\n<p>Collegium Paderevianum<\/p>\n\n\n\n<p>al. Mickiewicza 9a<\/p>\n\n\n\n<p>31-120 Krak\u00f3w<\/p>\n\n\n\n<p>Responsable pour le contact avec l\u2019association \u201ePlejada\u201d&nbsp;: <strong>Joanna G\u00f3rnikiewicz<\/strong><\/p>\n\n\n\n<div style=\"height:100px\" aria-hidden=\"true\" class=\"wp-block-spacer\"><\/div>\n\n\n\n<p><strong><u>Katolicki Uniwersytet Lubelski Jana Paw\u0142a II<\/u><\/strong> (Wydzia\u0142 Nauk Humanistycznych)<\/p>\n\n\n\n<p>Instytut J\u0119zykoznawstwa<\/p>\n\n\n\n<p>Katedra Akwizycji i Dydaktyki J\u0119zyk\u00f3w<\/p>\n\n\n\n<p>Responsable de la Chaire&nbsp;: <strong>Urszula Paprocka-Piotrowska<\/strong><\/p>\n\n\n\n<p><a href=\"https:\/\/www.kul.pl\/katedra-akwizycji-i-dydaktyki-jezykow,13223.html\">https:\/\/www.kul.pl\/katedra-akwizycji-i-dydaktyki-jezykow,13223.html<\/a><\/p>\n\n\n\n<p>Katedra J\u0119zykoznawstwa Roma\u0144skiego<\/p>\n\n\n\n<p>Responsable de la Chaire&nbsp;<strong>: Janusz Bie\u0144<\/strong><\/p>\n\n\n\n<p><a href=\"https:\/\/www.kul.pl\/katedra-jezykoznawstwa-romanskiego,18244.html\">https:\/\/www.kul.pl\/katedra-jezykoznawstwa-romanskiego,18244.html<\/a><\/p>\n\n\n\n<p>Instytut Literaturoznawstwa<\/p>\n\n\n\n<p>Katedra Kultur i Literatur Roma\u0144skich<\/p>\n\n\n\n<p>Responsable de la Chaire&nbsp;: <strong>Pawe\u0142 Matyaszewski<\/strong><\/p>\n\n\n\n<p><a href=\"https:\/\/www.kul.pl\/katedra-kultur-i-literatur-romanskich,11980.html\">https:\/\/www.kul.pl\/katedra-kultur-i-literatur-romanskich,11980.html<\/a><\/p>\n\n\n\n<p>Kolegium Romanistyki<\/p>\n\n\n\n<p>Coordinatrice de la philologie romane: <strong>dr hab. Katarzyna Wo\u0142owska, prof. KUL<\/strong><\/p>\n\n\n\n<p>Al. Rac\u0142awickie 14<\/p>\n\n\n\n<p>20-950 Lublin<\/p>\n\n\n\n<p>tel. 81 445 43 45 romanistyka@kul.pl<\/p>\n\n\n\n<p>Responsable pour le contact avec l\u2019association \u201ePlejada\u201d: <strong>Edyta Kociubi\u0144ska<\/strong><\/p>\n\n\n\n<div style=\"height:100px\" aria-hidden=\"true\" class=\"wp-block-spacer\"><\/div>\n\n\n\n<p><strong><u>Uniwersytet im. Miko\u0142aja Kopernika w Toruniu<\/u><\/strong> (Wydzia\u0142 Humanistyczny)<\/p>\n\n\n\n<p>Instytut J\u0119zykoznawstwa<\/p>\n\n\n\n<p>Katedra J\u0119zyk\u00f3w Roma\u0144skich<\/p>\n\n\n\n<p>Responsable de la Chaire&nbsp;: <strong>Sylwia Skuza<\/strong><\/p>\n\n\n\n<p><a href=\"about:blank\">https&nbsp;:\/\/www.human.umk.pl\/katedra-jezykow-romanskich\/<\/a><\/p>\n\n\n\n<p>t\u00e9l. 56 611 37 02<\/p>\n\n\n\n<p>Instytut Literaturoznawstwa<\/p>\n\n\n\n<p>Katedra Literaturoznawcza Filologii Roma\u0144skiej<\/p>\n\n\n\n<p>Responsable de la Chaire&nbsp;: <strong>Anna G\u0119sicka<\/strong><\/p>\n\n\n\n<p><a href=\"about:blank\">https&nbsp;:\/\/www.human.umk.pl\/katedra-literaturoznawcza-filologii-romanskiej\/<\/a><\/p>\n\n\n\n<p>Tel. 56&nbsp;611 36 95<\/p>\n\n\n\n<p>Collegium Humanisticum<\/p>\n\n\n\n<p>ul. Bojarskiego 1<\/p>\n\n\n\n<p>87-100 Toru\u0144<\/p>\n\n\n\n<p>Responsable pour le contact avec l\u2019association \u201ePlejada\u201d&nbsp;: <strong>Natalia Nielipowicz<\/strong><\/p>\n\n\n\n<div style=\"height:100px\" aria-hidden=\"true\" class=\"wp-block-spacer\"><\/div>\n\n\n\n<p><strong><u>Uniwersytet \u0141\u00f3dzki<\/u><\/strong> (Wydzia\u0142 Filologiczny)<\/p>\n\n\n\n<p>Instytut Romanistyki<\/p>\n\n\n\n<p>Responsable de la Chaire\u00a0: <strong>dr hab. Agnieszka Woch, prof. U\u0141<\/strong><\/p>\n\n\n\n<p>Z-ca Dyrektora:<strong>&nbsp;dr hab. \u0141ukasz Szkopi\u0144ski, prof. U\u0141<\/strong><\/p>\n\n\n\n<p>http:\/\/www.romanistyka.uni.lodz.pl<\/p>\n\n\n\n<p>romanistyka@uni.lodz.pl<\/p>\n\n\n\n<p>tel. 42 665 51 50<\/p>\n\n\n\n<p>ul. Pomorska 171\/173<\/p>\n\n\n\n<p>90-236 \u0141\u00f3d\u017a \u0141\u0105cznik Plejady:&nbsp;<strong>dr hab. Anita Staro\u0144, prof. U\u0141<\/strong><\/p>\n\n\n\n<p><\/p>\n\n\n\n<div style=\"height:100px\" aria-hidden=\"true\" class=\"wp-block-spacer\"><\/div>\n\n\n\n<p><\/p>\n\n\n\n<p><strong><u>Uniwersytet im. Adama Mickiewicza w Poznaniu<\/u><\/strong> (Wydzia\u0142 Neofilologii)<\/p>\n\n\n\n<p>Instytut J\u0119zyk\u00f3w i Literatur Roma\u0144skich<\/p>\n\n\n\n<p>Responsable de la Chaire\u00a0:\u00a0<strong>dr hab. Miros\u0142aw Loba, prof. UAM<\/strong><\/p>\n\n\n\n<figure class=\"wp-block-embed\"><div class=\"wp-block-embed__wrapper\">\nhttps:\/\/ijilrom.amu.edu.pl\n<\/div><\/figure>\n\n\n\n<p>sekrrom@amu.edu.pl<\/p>\n\n\n\n<p>al. Niepodleg\u0142o\u015bci 4<\/p>\n\n\n\n<p>61-874 Pozna\u0144<\/p>\n\n\n\n<p>\u0141\u0105cznik Plejady:&nbsp;<strong>dr hab.<\/strong>&nbsp;<strong>Agnieszka Kaliska, prof. UAM<\/strong><\/p>\n\n\n\n<div style=\"height:100px\" aria-hidden=\"true\" class=\"wp-block-spacer\"><\/div>\n\n\n\n<p><strong><u>Uniwersytet Opolski<\/u><\/strong> (Wydzia\u0142 Filologiczny)<\/p>\n\n\n\n<p>Instytut Nauk o Literaturze<\/p>\n\n\n\n<p>Katedra Literatury Francuskiej i Frankofo\u0144skiej<\/p>\n\n\n\n<p>Responsable de la Chaire&nbsp;: <strong>Anna<\/strong> <strong>Ledwina<\/strong><\/p>\n\n\n\n<p><a href=\"about:blank\">http&nbsp;:\/\/instytutnaukoliteraturze.wfil.uni.opole.pl\/katedra-literatur-romanskich\/<\/a><\/p>\n\n\n\n<p>t\u00e9l. 77 541 59 24<\/p>\n\n\n\n<p>Instytut J\u0119zykoznawstwa<\/p>\n\n\n\n<p>Katedra J\u0119zyka Francuskiego<\/p>\n\n\n\n<p>Responsable de la Chaire&nbsp;: <strong>Magdalena Da\u0144ko<\/strong><\/p>\n\n\n\n<p><a href=\"about:blank\">http&nbsp;:\/\/instytutjezykoznawstwa.wfil.uni.opole.pl\/katedra-jezyka-francuskiego\/<\/a><\/p>\n\n\n\n<p>tel. 77&nbsp;541 60 03<\/p>\n\n\n\n<p>Collegium Maius<\/p>\n\n\n\n<p>pl. Kopernika 11<\/p>\n\n\n\n<p>45-040 Opole<\/p>\n\n\n\n<p>Responsable pour le contact avec l\u2019association \u201ePlejada\u201d&nbsp;: <strong>Anna Ledwina<\/strong><\/p>\n\n\n\n<div style=\"height:100px\" aria-hidden=\"true\" class=\"wp-block-spacer\"><\/div>\n\n\n\n<p><strong><u>Uniwersytet Pedagogiczny im. Komisji Edukacji Narodowej w Krakowie<\/u><\/strong> (Wydzia\u0142 Nauk Humanistycznych)<\/p>\n\n\n\n<p>Instytut Neofilologii<\/p>\n\n\n\n<p>Filologia Roma\u0144ska<\/p>\n\n\n\n<p>Directrice&nbsp;: <strong>Aurelia Kotkiewicz<\/strong><\/p>\n\n\n\n<p>Vice-directrice&nbsp;: <strong>Ma\u0142gorzata Nizio\u0142ek<\/strong><\/p>\n\n\n\n<p><a href=\"about:blank\">https&nbsp;:\/\/ifr.up.krakow.pl\/<\/a><\/p>\n\n\n\n<p><a href=\"about:blank\">filologia.romanska@up.krakow.pl<\/a>&nbsp;<\/p>\n\n\n\n<p>t\u00e9l. 12 662 62 01<\/p>\n\n\n\n<p>ul. Podchor\u0105\u017cych 2<\/p>\n\n\n\n<p>30-084 Krak\u00f3w<\/p>\n\n\n\n<p>Responsable pour le contact avec l\u2019association \u201ePlejada\u201d&nbsp;: <strong>Ma\u0142gorzata Nizio\u0142ek<\/strong><\/p>\n\n\n\n<div style=\"height:100px\" aria-hidden=\"true\" class=\"wp-block-spacer\"><\/div>\n\n\n\n<p><strong><u>Uniwersytet Marii Curie-Sk\u0142odowskiej w Lublinie<\/u><\/strong> (Wydzia\u0142 Humanistyczny)<\/p>\n\n\n\n<p>Instytut Neofilologii<\/p>\n\n\n\n<p>Katedra Romanistyki<\/p>\n\n\n\n<p>Responsable de la Chaire&nbsp;: <strong>Renata Bizek-Tatara<\/strong><\/p>\n\n\n\n<p><a href=\"about:blank\">https&nbsp;:\/\/www.umcs.pl\/pl\/katedra-romanistyki,17385.htm<\/a><\/p>\n\n\n\n<p>t\u00e9l. 81 537 26 64<\/p>\n\n\n\n<p>Plac Marii Curie-Sk\u0142odowskiej 4a<\/p>\n\n\n\n<p>20-031 Lublin<\/p>\n\n\n\n<p>Responsable pour le contact avec l\u2019association \u201ePlejada\u201d&nbsp;: <strong>Renata Jakubczuk<\/strong><\/p>\n\n\n\n<div style=\"height:100px\" aria-hidden=\"true\" class=\"wp-block-spacer\"><\/div>\n\n\n\n<p><strong><u>Uniwersytet Szczeci\u0144ski<\/u><\/strong> (Wydzia\u0142 Humanistyczny)<\/p>\n\n\n\n<p>Instytut Literatury i Nowych Medi\u00f3w<\/p>\n\n\n\n<p>Directeur&nbsp;: <strong>Piotr Krupi\u0144ski<\/strong><\/p>\n\n\n\n<p><a href=\"about:blank\">http&nbsp;:\/\/lit.usz.edu.pl\/<\/a>&nbsp;<\/p>\n\n\n\n<p>T\u00e9l. (91) 444-28-94&nbsp;<\/p>\n\n\n\n<p>Instytut J\u0119zykoznawstwa<\/p>\n\n\n\n<p>Directrice&nbsp;: <strong>Jolanta Mazurkiewicz-Soko\u0142owska<\/strong><strong><\/strong><\/p>\n\n\n\n<p><a href=\"about:blank\">http&nbsp;:\/\/jez.usz.edu.pl\/<\/a>&nbsp;<\/p>\n\n\n\n<p>T\u00e9l. (91) 444-27-14&nbsp;<\/p>\n\n\n\n<p>Al. Piast\u00f3w 40B, budynek 5<\/p>\n\n\n\n<p>71-065 Szczecin&nbsp;<\/p>\n\n\n\n<p>Coordinatrices de la philologie romane&nbsp;: <strong>Swiet\u0142ana Niewzorowa, Nelli So\u0142onko<\/strong><\/p>\n\n\n\n<p>Responsable pour le contact avec l\u2019association \u201ePlejada\u201d&nbsp;: <strong>Wioletta Piegzik<\/strong><\/p>\n\n\n\n<div style=\"height:100px\" aria-hidden=\"true\" class=\"wp-block-spacer\"><\/div>\n\n\n\n<p><strong><u>Uniwersytet \u015al\u0105ski<\/u><\/strong> (Wydzia\u0142 Humanistyczny)<\/p>\n\n\n\n<p>Instytut Literaturoznawstwa<\/p>\n\n\n\n<p><a href=\"about:blank\">https&nbsp;:\/\/us.edu.pl\/instytut\/il\/o-instytucie\/instytut-dawniej-i-dzis\/<\/a><\/p>\n\n\n\n<p>Zesp\u00f3\u0142 badawczy&nbsp;: Badania literatur obcych<\/p>\n\n\n\n<p>Responsable&nbsp;: <strong>Joanna Warmuzi\u0144ska-Rog\u00f3\u017c<\/strong><\/p>\n\n\n\n<p>Directeur&nbsp;: <strong>Andrzej Rabsztyn<\/strong><\/p>\n\n\n\n<p>t\u00e9l. 32 364 0899<\/p>\n\n\n\n<p>ul. Grota-Roweckiego 5<\/p>\n\n\n\n<p>41-205 Sosnowiec<\/p>\n\n\n\n<p>Responsable pour le contact avec l\u2019association \u201ePlejada\u201d&nbsp;: <strong>Katarzyna Kwapisz-Osadnik<\/strong><\/p>\n\n\n\n<div style=\"height:100px\" aria-hidden=\"true\" class=\"wp-block-spacer\"><\/div>\n\n\n\n<p><strong><u>Uniwersytet Warszawski<\/u><\/strong> (Wydzia\u0142 Neofilologii)<\/p>\n\n\n\n<p>Instytut Romanistyki<\/p>\n\n\n\n<p>Directeur&nbsp;: <strong>Maciej Smuk<\/strong><\/p>\n\n\n\n<p>Vice-directrice&nbsp;: <strong>Ma\u0142gorzata Soko\u0142owicz<\/strong><\/p>\n\n\n\n<p>Chef de la fili\u00e8re&nbsp;: <strong>Ma\u0142gorzata Molska<\/strong><\/p>\n\n\n\n<p><a href=\"about:blank\">http&nbsp;:\/\/irom.wn.uw.edu.pl\/?page_id=42&amp;lang=pl<\/a><\/p>\n\n\n\n<p>t\u00e9l. 22 55 204 32 (36)<\/p>\n\n\n\n<p>ul. Dobra 55<\/p>\n\n\n\n<p>00-312 Warszawa<\/p>\n\n\n\n<p>Responsable pour le contact avec l\u2019association \u201ePlejada\u201d&nbsp;: <strong>S\u00e9bastien Ducourtioux<\/strong><\/p>\n\n\n\n<div style=\"height:100px\" aria-hidden=\"true\" class=\"wp-block-spacer\"><\/div>\n\n\n\n<p><strong>Uniwersytet Wroc\u0142awski<\/strong> (Wydzia\u0142 Filologiczny)<\/p>\n\n\n\n<p>Instytut Filologii Roma\u0144skiej<\/p>\n\n\n\n<p>Directrice&nbsp;: <strong>Beata Baczy\u0144ska<\/strong><\/p>\n\n\n\n<p>Vice-directeurs&nbsp;: <strong>Natalia Paprocka<\/strong>, <strong>Justyna Weso\u0142a<\/strong>, <strong>Tomasz Wys\u0142obocki, Witold Ucherek<\/strong><\/p>\n\n\n\n<p><a href=\"about:blank\">http&nbsp;:\/\/www.ifr.uni.wroc.pl<\/a><\/p>\n\n\n\n<p><a href=\"about:blank\">ifr@uwr.edu.pl<\/a><\/p>\n\n\n\n<p>t\u00e9l. 71 375 24 33<\/p>\n\n\n\n<p>pl. Nankiera 4<\/p>\n\n\n\n<p>50-140 Wroc\u0142aw<\/p>\n\n\n\n<p>Responsable pour le contact avec l\u2019association \u201ePlejada\u201d&nbsp;: <strong>Monika Grabowska<\/strong><\/p>\n","protected":false},"excerpt":{"rendered":"<p>Uniwersytet w Bia\u0142ymstoku (Wydzia\u0142 Filologiczny) Zak\u0142ad J\u0119zykoznawstwa Francuskiego, Kolegium J\u0119zykoznawstwa Responsable: Joanna Cholewa kj.filologia@uwb.edu.pl, t\u00e9l. 85 745 74 50 Zak\u0142ad<\/p>\n","protected":false},"author":1,"featured_media":0,"parent":0,"menu_order":0,"comment_status":"closed","ping_status":"closed","template":"","meta":{"footnotes":""},"class_list":["post-27","page","type-page","status-publish","hentry","comments-off"],"_links":{"self":[{"href":"https:\/\/plejada.romanisci.edu.pl\/fr\/wp-json\/wp\/v2\/pages\/27","targetHints":{"allow":["GET"]}}],"collection":[{"href":"https:\/\/plejada.romanisci.edu.pl\/fr\/wp-json\/wp\/v2\/pages"}],"about":[{"href":"https:\/\/plejada.romanisci.edu.pl\/fr\/wp-json\/wp\/v2\/types\/page"}],"author":[{"embeddable":true,"href":"https:\/\/plejada.romanisci.edu.pl\/fr\/wp-json\/wp\/v2\/users\/1"}],"replies":[{"embeddable":true,"href":"https:\/\/plejada.romanisci.edu.pl\/fr\/wp-json\/wp\/v2\/comments?post=27"}],"version-history":[{"count":10,"href":"https:\/\/plejada.romanisci.edu.pl\/fr\/wp-json\/wp\/v2\/pages\/27\/revisions"}],"predecessor-version":[{"id":681,"href":"https:\/\/plejada.romanisci.edu.pl\/fr\/wp-json\/wp\/v2\/pages\/27\/revisions\/681"}],"wp:attachment":[{"href":"https:\/\/plejada.romanisci.edu.pl\/fr\/wp-json\/wp\/v2\/media?parent=27"}],"curies":[{"name":"wp","href":"https:\/\/api.w.org\/{rel}","templated":true}]}}