{"id":41,"date":"2021-04-07T15:39:53","date_gmt":"2021-04-07T13:39:53","guid":{"rendered":"http:\/\/plejada.romanisci.edu.pl\/nowa_strona2\/?page_id=41"},"modified":"2021-12-19T23:49:15","modified_gmt":"2021-12-19T22:49:15","slug":"2018-2","status":"publish","type":"page","link":"https:\/\/plejada.romanisci.edu.pl\/fr\/publications\/2018-2\/","title":{"rendered":"2018"},"content":{"rendered":"\n<p>Imi\u0119 i nazwisko: <strong>Marek Mosakowski, Przemys\u0142aw Kossakowski<\/strong><br><em>Francuskie g\u0142osy o szlachcie, feudalizmie i monarchii w przededniu Rewolucji,<\/em><br>Wydawnictwo Uniwersytetu Gda\u0144skiego, Gda\u0144sk 2018.<\/p>\n\n\n\n<p>Imi\u0119 i nazwisko: <strong>Katarzyna Kwapisz-Osadnik<\/strong><br><em>By\u0142, jest, b\u0119dzie czy by\u0142by. Zagadki czas\u00f3w i tryb\u00f3w francuskich,<\/em><br>Wyd. U\u015a. Katowice.<\/p>\n\n\n\n<p>Imi\u0119 i nazwisko: <strong>Ewelina Berek, Joanna Warmuzi\u0144ska-Rog\u00f3\u017c (r\u00e9d.)<\/strong><br><em>Les litt\u00e9ratures francophones d\u2019aujourd\u2019hui: l\u2019universel du et au quotidien. Romanica Silesiana 13 (1),<\/em><br>Wyd. U\u015a, Katowice<\/p>\n\n\n\n<p>Imi\u0119 i nazwisko: <strong>Ma\u0142gorzata Posturzy\u0144ska-Bosko, Piotr Sorbet (r\u00e9d.)<\/strong><br><em>Linguae manent<\/em><br>Wydawnictwo UMCS, Lublin 2018<\/p>\n\n\n\n<p>Imi\u0119 i nazwisko: <strong>Ma\u0142gorzata Posturzy\u0144ska-Bosko, Piotr Sorbet (r\u00e9d.)<\/strong><br><em>Scripta manent<\/em><br>Wydawnictwo UMCS, Lublin 2018<\/p>\n\n\n\n<p>Imi\u0119 i nazwisko: <strong>Anita Staro\u0144 (r\u00e9d.)<\/strong><br><em>\u00ab Art, artiste artisan au XIXe si\u00e8cle \u00bb, Acta Universitatis Lodziensis. Folia Litteraria Romanica nr 13\/2018.<\/em><\/p>\n\n\n\n<p>Imi\u0119 i nazwisko: <strong>Magdalena Szefli\u0144ska-Baran, Marek Baran<\/strong><br><em>L\u2019adjectif \u00e9pith\u00e8te en fran\u00e7ais, espagnol et polonais \u2013 \u00e9tude contrastive,<\/em><br>Wydawnictwo Uniwersytetu \u0141\u00f3dzkiego, \u0141\u00f3d\u017a<\/p>\n\n\n\n<p>Imi\u0119 i nazwisko: <strong>Agnieszka Woch<\/strong><br><em>La persuasion au service des grandes causes. Une \u00e9tude comparative des campagnes soci\u00e9tales contre la discrimination raciste, homophobe et s\u00e9rophobe,<\/em><br>Wydawnictwo Uniwersytetu \u0141\u00f3dzkiego, \u0141\u00f3d\u017a 2018.<\/p>\n\n\n\n<p>Imi\u0119 i nazwisko: <strong>Tomasz Kaczmarek (r\u00e9d.)<\/strong><br><em>Francuski teatr spo\u0142eczny z prze\u0142omu XIX i XX wieku. Bunt wykluczonych, Wydawnictwo Uniwersytetu \u0141\u00f3dzkiego, \u0141\u00f3d\u017a<\/em><\/p>\n\n\n\n<p>Imi\u0119 i nazwisko: <strong>Magdalena Mitura<\/strong><br><em>Pasja mediacji. T\u0142umaczenie jako metaoperacja we francuskich przek\u0142adach Maryli Laurent,<\/em><br>Wydawnictwo Uniwersytetu Marii Curie-Sk\u0142odowskiej, Lublin<\/p>\n\n\n\n<p>Imi\u0119 i nazwisko: <strong>J. Rachwalska von Rejchwald, A. Krzy\u017canowska, (eds)<\/strong><br><em>Texte -fragmentation &#8211; cr\u00e9ativit\u00e9 II. Penser le fragment litt\u00e9raire. Text, Fragmentation, Creativity. Studies on a fragment in literature<\/em><br>Peter Lang edition, Frankfurt am Main, 2018<\/p>\n\n\n\n<p>Imi\u0119 i nazwisko: <strong>A. Krzy\u017canowska, J. Rachwalska von Rejchwald, (eds),<\/strong><br><em>Texte, Fragmentation, Cr\u00e9ativit\u00e9 dans la langue et le discours I,<\/em><br>Peter Lang \u00e9dition, Frankfurt am Main, 2018.<\/p>\n\n\n\n<p>Imi\u0119 i nazwisko: <strong>J\u0119drzej Pawlicki, Joanna Teklik (r\u00e9d.)<\/strong><br><em>Le roman francophone de l`extr\u00eame contemporain. Actes du colloque offerts \u00e0 Jerzy Lis,<\/em><br>Wydawnictwo Naukowe UAM, Pozna\u0144 2018.<\/p>\n\n\n\n<p>Imi\u0119 i nazwisko: <strong>Wies\u0142aw Mateusz Malinowski<\/strong><br><em>Powie\u015b\u0107 francuskiego symbolizmu (Bourges-Villiers de I&rsquo;Isle-Adam- Dujardin-Gourmont-Rodenbach),<\/em><br>Wydawnictwo Naukowe UAM, Pozna\u0144 2018.<\/p>\n\n\n\n<p>Imi\u0119 i nazwisko: <strong>Agnieszka Kaliska<\/strong><br><em>Wyk\u0142adniki instrumentalno-sposobowe a struktura semantyczna zdania. Polsko-francuska perspektywa por\u00f3wnawcza,<\/em><br>Wydawnictwo Naukowe UAM, Pozna\u0144 2018.<\/p>\n\n\n\n<p>Imi\u0119 i nazwisko: <strong>Teresa Tomaszkiewicz, Barbara Walkiewicz<\/strong><br><em>Studia Romanica Posnaniensia, Tom 45 Nr 4 (2018): Traducteur et texte<\/em><\/p>\n\n\n\n<p>Imi\u0119 i nazwisko: <strong>Sara Moroz<\/strong><br><em>Les recueils manuscrits des recettes de cuisine des XVIe et XVIIe si\u00e8cles, conserv\u00e9s dans la collection \u00ab berlinoise \u00bb \u00e0 la Biblioth\u00e8que Jagellone de Cracovie, comme source du savoir sur la cuisine fran\u00e7aise de ladite p\u00e9riode. \u00c9tude linguistique et culturelle, accompagn\u00e9e de l\u2019\u00e9dition critique des textes<\/em><br>Wydawnictwo Prymat, Bia\u0142ystok<\/p>\n\n\n\n<p>Imi\u0119 i nazwisko: <strong>Anna Branach-Kallas, Piotr Sadkowski<\/strong><br><em>\u201eLitteraria Copernicana\u201d, Pierwsza wojna i (nie)pok\u00f3j, vol. 3(27)\/ 2018.<\/em><\/p>\n\n\n\n<p>Imi\u0119 i nazwisko: <strong>Joanna Cholewa, Ma\u0142gorzata Kamecka, Urszula Kochanowska (r\u00e9d.) Nauczyciel \u2013 j\u0119zyk \u2013 kultura<\/strong><br>Wydawnictwo Prymat, Bia\u0142ystok<\/p>\n\n\n\n<p>Imi\u0119 i nazwisko: <strong>Krzysztof Trojanowski<\/strong><br><em>\u015awinie w kinie? Film w okupowanej Polsce<\/em><br>Wyd. Naukowe PWN, Warszawa, 2018.<\/p>\n\n\n\n<p>Imi\u0119 i nazwisko: <strong>Marcin Skibicki<\/strong><br><em>Od Rouchona do Cappiella. Z\u0142oty wiek francuskiego plakatu reklamowego,<\/em><br>Wyd. Naukowe UMK, Toru\u0144, 2018.<\/p>\n\n\n\n<p>Imi\u0119 i nazwisko: <strong>Branach-Kallas Anna, Sadkowski Piotr<\/strong><br><em>Comparing grief in French, British and Canadian Great War fiction (1977-2014),<\/em><br>Brill Rodopi, Leiden, 2018.<\/p>\n\n\n\n<p>Imi\u0119 i nazwisko : <strong>Edyta Kociubi\u0144ska, Judyta Niedokos ( r\u00e9d.)<\/strong><br><em>\u00ab Au croisement des vanit\u00e9s \u00bb, Qu\u00eates litt\u00e9raires, n\u02da 8, 2018<\/em><\/p>\n\n\n\n<p>Imi\u0119 i nazwisko : <strong>Pawe\u0142 Matyaszewski<\/strong><br><em>Monteskiusz w Polsce. Wczoraj i dzi\u015b<\/em><br>WUW, Warszawa, 2018.<\/p>\n\n\n\n<p>Imi\u0119 i nazwisko : <strong>Witold Wo\u0142owski (r\u00e9d.)<\/strong><br><em>Th\u00e9\u00e2tre \u00e0 (re)d\u00e9couvrir I, coll. \u00c9tudes de linguistique, litt\u00e9rature et art, vol. 28,<\/em><br>Peter Lang Editions, Frankfurt am Main, 2018.<\/p>\n\n\n\n<p>Imi\u0119 i nazwisko : <strong>Witold Wo\u0142owski (r\u00e9d.)<\/strong><br><em>Th\u00e9\u00e2tre \u00e0 (re)d\u00e9couvrir II, coll. \u00c9tudes de linguistique, litt\u00e9rature et art, vol. 29,<\/em><br>Peter Lang Editions, Frankfurt am Main, 2018.<\/p>\n\n\n\n<p>Imi\u0119 i nazwisko : <strong>Marlena Duda, Aleksandra Murat-Bednarz, Elodie Peurou, K\u00e9vin Raynaud (r\u00e9d.)<\/strong><br><em>Chercheurs en devenir, Seria 12\/15, nr 8,<\/em><br>Lublin, Werset, 2018.<\/p>\n\n\n\n<p>Imi\u0119 i nazwisko : <strong>Maja Paw\u0142owska, Tomasz Wys\u0142obocki (r\u00e9d.)<\/strong><br><em>Dawne literatury roma\u0144skie: w \u015bwiecie tolerancji i nietolerancji, zagadek i tajemnic<\/em><br>Universitas, Krak\u00f3w.<\/p>\n\n\n\n<p>Imi\u0119 i nazwisko : <strong>Natalia Paprocka<\/strong><br><em>Sto lat przek\u0142ad\u00f3w dla dzieci i m\u0142odzie\u017cy w Polsce. Francuska literatura dla m\u0142odych czytelnik\u00f3w, jej polscy wydawcy i ich strategie (1918-2014)<\/em><br>Universitas, Krak\u00f3w.<\/p>\n\n\n\n<p>Imi\u0119 i nazwisko : <strong>Natalia Paprocka<\/strong><br><em>Bibliografia polskich przek\u0142ad\u00f3w i adaptacji francuskiej literatury dla dzieci i m\u0142odzie\u017cy wydanych w latach 1918-2014<\/em><br>Universitas, Krak\u00f3w.<\/p>\n\n\n\n<p>Imi\u0119 i nazwisko : <strong>Tomasz Wys\u0142obocki<\/strong><br><em>Olympe de Gouges (1748-1793). Rewolucjonistka<\/em><br>Muzeum Sopotu, Sopot<\/p>\n\n\n\n<p>Imi\u0119 i nazwisko : <strong>Katarzyna Biernacka-Licznar, El\u017cbieta Jamr\u00f3z-Stolarska, Natalia Paprocka<\/strong><br><em>Lilipucia rewolucja. Awangardowe wydawnictwa dla dzieci i m\u0142odzie\u017cy w Polsce w latach 2000-2015<\/em><br>Wydawnictwo Naukowe i Edukacyjne Stowarzyszenia Bibliotekarzy Polskich, Warszawa<\/p>\n\n\n\n<p>Imi\u0119 i nazwisko : <strong>Krystyna Modrzejewska, El\u017cbieta Porada (r\u00e9d.)<\/strong><br><em>Le traumatisme dans la litt\u00e9rature fran\u00e7aise et francophone, Lit\u00e9raport n\u00b0 5<\/em><br>Wydawnictwo Uniwersytetu Opolskiego, Opole 2018.<\/p>\n\n\n\n<p>Imi\u0119 i nazwisko: <strong>Ewa M. Wierzbowska (r\u00e9d.)<\/strong><br><em>Cahiers ERTA 2018\/13, 2018\/14, 2018\/15, 2018\/16<\/em><\/p>\n\n\n\n<p>Imi\u0119 i nazwisko: <strong>Barbara Brzezicka<\/strong><br><em>Problematyka przek\u0142adu filozoficznego. Na przyk\u0142adzie t\u0142umacze\u0144 Jacques\u2019a Derridy w Polsce<\/em><br>Wydawnictwo Naukowe PWN, Warszawa 2018.<\/p>\n\n\n\n<p>Imi\u0119 i nazwisko: <strong>Wojciech Pra\u017cuch<\/strong><br>Les langues de bois contemporaines &#8211; entre la Novlangue totalitaire et le discours d\u00e9tabouis\u00e9 du n\u00e9o-populisme<br>Peter Lang GmbH, Frankfurt am Main 2018, 246 s.<\/p>\n\n\n\n<p>Imi\u0119 i nazwisko: <strong>Wioletta Piegzik<\/strong><br>Interakcje negocjacyjne w pracy projektowej ucz\u0105cych si\u0119 j\u0119zyka obcego francuskiego jako obcego<br>Wydawnictwo Naukowe Uniwersytetu Szczeci\u0144skiego, Szczecin 2018.<\/p>\n\n\n\n<p>Imi\u0119 i nazwisko: <strong>Aleksandra Kami\u0144ska<\/strong><br>L\u2019importance du paradoxe dans les M\u00e9moires d\u2019outre-tombe de Chateaubriand<br>Wydawnictwo Naukowe Uniwersytetu Szczeci\u0144skiego, Szczecin 2018.<\/p>\n\n\n\n<p>Imi\u0119 i nazwisko: <strong>Pierre-Fr\u00e9d\u00e9ric Weber<\/strong><br>Francit\u00e9(s). Perspectives linguistique, culturelle et historique<br>Wydawnictwo Naukowe Uniwersytetu Szczeci\u0144skiego, Szczecin 2018.<\/p>\n\n\n\n<p>Imi\u0119 i nazwisko: <strong>Sylwia \u0141uszczy\u0144ska<\/strong><br>Approche Toastmasters, r\u00e9duction de l\u2019anxi\u00e9t\u00e9 langagi\u00e8re et d\u00e9veloppement des comp\u00e9tences de prise de parole en public chez les \u00e9tudiants de FLE<br>Wydawnictwo Naukowe Uniwersytetu Szczeci\u0144skiego, Szczecin 2018.<\/p>\n\n\n\n<p>Imi\u0119 i nazwisko: <strong>Beata K\u0119dzia-Klebeko<\/strong><br>L&rsquo;\u00e9crivain engag\u00e9 dans le monde : Dimension sociale dans le roman fran\u00e7ais contemporain Towarzystwo Autor\u00f3w i Wydawc\u00f3w Prac Naukowych Universitas, Krak\u00f3w 2018.<\/p>\n\n\n\n<p>Imi\u0119 i nazwisko : <strong>Beata K\u0119dzia-Klebeko, Anna Kricka, Pierre-Fr\u00e9d\u00e9ric Weber (red.)<\/strong><br>Les r (\u00e9) volutions de l\u2019homme engag\u00e9 : perspective litt\u00e9raire et culturelle<br>Wydawnictwo Naukowe US, Szczecin 2018.<\/p>\n\n\n\n<p>Imi\u0119 i nazwisko : <strong>Beata K\u0119dzia-Klebeko, Nelli Solonko, Pierre-Fr\u00e9d\u00e9ric Weber (red.)<\/strong><br>Singularit\u00e9 : perspectives litt\u00e9raire et linguistique<br>Wydawnictwo Naukowe US, Szczecin 2018.<\/p>\n","protected":false},"excerpt":{"rendered":"<p>Imi\u0119 i nazwisko: Marek Mosakowski, Przemys\u0142aw KossakowskiFrancuskie g\u0142osy o szlachcie, feudalizmie i monarchii w przededniu Rewolucji,Wydawnictwo Uniwersytetu Gda\u0144skiego, Gda\u0144sk 2018.<\/p>\n","protected":false},"author":1,"featured_media":0,"parent":33,"menu_order":0,"comment_status":"closed","ping_status":"closed","template":"","meta":{"footnotes":""},"class_list":["post-41","page","type-page","status-publish","hentry","comments-off"],"_links":{"self":[{"href":"https:\/\/plejada.romanisci.edu.pl\/fr\/wp-json\/wp\/v2\/pages\/41","targetHints":{"allow":["GET"]}}],"collection":[{"href":"https:\/\/plejada.romanisci.edu.pl\/fr\/wp-json\/wp\/v2\/pages"}],"about":[{"href":"https:\/\/plejada.romanisci.edu.pl\/fr\/wp-json\/wp\/v2\/types\/page"}],"author":[{"embeddable":true,"href":"https:\/\/plejada.romanisci.edu.pl\/fr\/wp-json\/wp\/v2\/users\/1"}],"replies":[{"embeddable":true,"href":"https:\/\/plejada.romanisci.edu.pl\/fr\/wp-json\/wp\/v2\/comments?post=41"}],"version-history":[{"count":2,"href":"https:\/\/plejada.romanisci.edu.pl\/fr\/wp-json\/wp\/v2\/pages\/41\/revisions"}],"predecessor-version":[{"id":341,"href":"https:\/\/plejada.romanisci.edu.pl\/fr\/wp-json\/wp\/v2\/pages\/41\/revisions\/341"}],"up":[{"embeddable":true,"href":"https:\/\/plejada.romanisci.edu.pl\/fr\/wp-json\/wp\/v2\/pages\/33"}],"wp:attachment":[{"href":"https:\/\/plejada.romanisci.edu.pl\/fr\/wp-json\/wp\/v2\/media?parent=41"}],"curies":[{"name":"wp","href":"https:\/\/api.w.org\/{rel}","templated":true}]}}