{"id":53,"date":"2021-04-14T07:29:29","date_gmt":"2021-04-14T05:29:29","guid":{"rendered":"http:\/\/plejada.romanisci.edu.pl\/nowa_strona2\/?page_id=53"},"modified":"2025-01-28T16:15:27","modified_gmt":"2025-01-28T15:15:27","slug":"2012-2","status":"publish","type":"page","link":"https:\/\/plejada.romanisci.edu.pl\/fr\/publications\/2012-2\/","title":{"rendered":"2012"},"content":{"rendered":"\n<p>Imi\u0119 i nazwisko: <strong>Micha\u0142 Bajer (t\u0142um., red.)<\/strong><br>Trzy poetyki z czas\u00f3w Richelieu<br>s\u0142owo \/obraz terytoria, Gda\u0144sk<\/p>\n\n\n\n<p>Imi\u0119 i nazwisko: <strong>David Diop, Patrick Graille, Izabella Zatorska (red.)<\/strong><br>L&rsquo;Afrique, Dix-Huiti\u00e8me si\u00e8cle, n\u00b0 44<br>\u00c9ditions La D\u00e9couverte, Paris<\/p>\n\n\n\n<p>Imi\u0119 i nazwisko: <strong>Anna Drzewicka<\/strong><br>\u201cVolez o\u00efr\u2026\u201d \u2013 \u00e9tudes sur la litt\u00e9rature fran\u00e7aise du Moyen \u00c2ge. Articles des ann\u00e9es 1974-2008, r\u00e9unis et pr\u00e9sent\u00e9s par <strong>Katarzyna Dybe\u0142, Barbara Marczuk et Dorota Pudo<\/strong><br>Ksi\u0119garnia Akademicka, Krak\u00f3w<\/p>\n\n\n\n<p>Imi\u0119 i nazwisko: <strong>Katarzyna Dybe\u0142<\/strong><br>Entre la connaissance et l&rsquo;amour : le regard dans l&rsquo;univers romanesque de Chr\u00e9tien de Troyes<br>Ksi\u0119garnia Akademicka, Krak\u00f3w<\/p>\n\n\n\n<p>Imi\u0119 i nazwisko: <strong>Katarzyna Gadomska<\/strong><br>La prose n\u00e9ofantastique d\u2019expression fran\u00e7aise aux XX<sup>e<\/sup> et XXI<sup>e<\/sup> si\u00e8cles<br>Wydawnictwo U\u015a, Katowice<\/p>\n\n\n\n<p>Imi\u0119 i nazwisko: <strong>Czes\u0142aw Grzesiak (red.)<\/strong><br>Visages de la vieillesse dans les litt\u00e9ratures fran\u00e7aise et francophone<br>Wydawnictwo UMCS, Lublin<\/p>\n\n\n\n<p>Imi\u0119 i nazwisko: <strong>Krzysztof Jarosz (red.), Buata B. Malela (wsp\u00f3\u0142pr.), <\/strong><strong>textes r\u00e9unis et \u00e9tablis par<\/strong><strong>Aneta Chmiel, Andrzej Rabsztyn, Zuzanna Szatanik, Ewelina Szymoniak<\/strong><br>Romanica Silesiana n<sup>o <\/sup>7. Controverses litt\u00e9raires<br>Wydawnictwo U\u015a, Katowice<\/p>\n\n\n\n<p>Imi\u0119 i nazwisko: <strong>Anna Kaczmarek<\/strong><br>L\u2019image de la femme dans l\u2019\u0153uvre d\u2019\u00c9mile Zola<br>Wydawnictwo UO, Opole<\/p>\n\n\n\n<p>Imi\u0119 i nazwisko: <strong>Edyta Kociubi\u0144ska, Judyta Niedokos (red.)<\/strong><br>Aux confins de l\u2019absence, Qu\u00eates litt\u00e9raires, n\u00b0 2<br>Wydawnictwo Werset, Lublin<\/p>\n\n\n\n<p>Imi\u0119 i nazwisko: <strong>Wies\u0142aw Kroker<\/strong><strong>, Judyta Zbierska-Mo\u015bcicka (red.)<\/strong><br><a href=\"http:\/\/bibliografia.icm.edu.pl\/g2\/english.pl?mod=p&amp;id=116206&amp;j=1&amp;id_jednostki=3919&amp;a=1&amp;c=1&amp;czasopismo=&amp;id_typu_dokonania=2&amp;id_jezyka=3&amp;lim=25&amp;ord=1\">La ville : palimpsestes et mutations. Les repr\u00e9sentations de la ville dans les litt\u00e9ratures d&rsquo;expression fran\u00e7aise apr\u00e8s 1980<\/a><br>Wydawnictwa UW, Warszawa<\/p>\n\n\n\n<p>Imi\u0119 i nazwisko: <strong>Ma\u0142gorzata z Nawarry \/ Teresa Giermak-Zieli\u0144ska (t\u0142um.), Jan Miernowski (wst\u0119p)<\/strong><br>Heptameron. Siedemdziesi\u0105t opowiada\u0144, czyli francuski Dekameron<br>Collegium Columbinum, Krak\u00f3w<\/p>\n\n\n\n<p>Imi\u0119 i nazwisko: <strong>Wac\u0142aw Rapak, Jakub Kornhauser, Iwona Piechnik (red.)<\/strong><br>De la lettre aux belles-lettres. \u00c9tudes d\u00e9di\u00e9es \u00e0 Regina Bochenek-Franczakowa. Od litery i listu do literatury. Studia dedykowane Reginie Bochenek-Franczakowej<br>Wydawnictwo UJ, Krak\u00f3w<\/p>\n\n\n\n<p>Imi\u0119 i nazwisko: <strong>Dominique Roug\u00e9<\/strong><br>\u00c9crire et lire la folie. Rencontrer le fou dans ses textes<br>Wydawnictwo UP, Krak\u00f3w<\/p>\n\n\n\n<p>Imi\u0119 i nazwisko: <strong>Agata Sobczyk<\/strong><br><a href=\"http:\/\/bibliografia.icm.edu.pl\/g2\/english.pl?mod=p&amp;id=112521&amp;j=1&amp;id_jednostki=3919&amp;a=1&amp;c=1&amp;czasopismo=&amp;id_typu_dokonania=2&amp;id_jezyka=3&amp;lim=25&amp;ord=1\">Les jongleurs de Dieu : sainte simplicit\u00e9 dans la litt\u00e9rature religieuse de la France m\u00e9di\u00e9vale<\/a><br>Oficyna Wydawnicza LEKSEM, \u0141ask<\/p>\n\n\n\n<p>Imi\u0119 i nazwisko: <strong>Anita Staro\u0144, \u0141ukasz Szkopi\u0144ski (red.)<\/strong><br>Zbrodnia, wyst\u0119pek, wykroczenie. Mikrokosmos krymina\u0142u<br>Wydawnictwo U\u0141, \u0141\u00f3d\u017a<\/p>\n\n\n\n<p>Imi\u0119 i nazwisko: <strong>Piotr Tylus<\/strong><br>Une l\u00e9gende de saint Dominique en moyen fran\u00e7ais : \u00e9tude du texte accompagn\u00e9e de son \u00e9dition critique, avec notes, glossaire et index des noms propres, Collectio Fibulae, n<sup>o <\/sup>4<br>Wydz. Filologiczny UJ, Krak\u00f3w<\/p>\n\n\n\n<p>Imi\u0119 i nazwisko: <strong>Piotr Tylus, avec collab. de <\/strong><strong>Krzysztof Kotu\u0142a et Iwona Piechnik<\/strong><br>Manuscrits fran\u00e7ais de la collection berlinoise disponibles \u00e0 la Biblioth\u00e8que Jagellonne de Cracovie (XVII<sup>e<\/sup>-XIX<sup>e <\/sup>si\u00e8cles \u2013 suite), Collectio Fibulae, n<sup>o <\/sup>7<br>Wydz. Filologiczny UJ, Krak\u00f3w<\/p>\n\n\n\n<p>Imi\u0119 i nazwisko: <strong>Magdalena Wandzioch<\/strong><br>Alexandre Dumas. Entre f\u00e9erie et fantastique<br>Oficyna Wydawnicza Wac\u0142aw Walasek, Katowice<\/p>\n\n\n\n<p>Imi\u0119 i nazwisko: <strong>Magdalena Wandzioch (red.)<\/strong><br>M\u00e9tamorphoses de l&rsquo;insolite dans la litt\u00e9rature d&rsquo;expression fran\u00e7aise du XVIII<sup>\u00e8<\/sup> au XXI<sup>\u00e8 <\/sup>si\u00e8cle<br>Wydawnictwo U\u015a, Oficyna Wydawnicza Wac\u0142aw Walasek, Katowice<\/p>\n\n\n\n<p>Imi\u0119 i nazwisko: <strong>Izabella Zatorska (red.)<\/strong><br><a href=\"http:\/\/bibliografia.icm.edu.pl\/g2\/english.pl?mod=p&amp;id=118035&amp;j=1&amp;id_jednostki=3919&amp;a=1&amp;c=1&amp;czasopismo=&amp;id_typu_dokonania=2&amp;id_jezyka=3&amp;lim=25&amp;ord=1\">La recherche dix-huiti\u00e9miste en France et en Pologne. Bilan et perspectives. Ewa Rzadkowska 1913-2009 in memoriam. Journ\u00e9e d&rsquo;\u00e9tude 21.04.2010<\/a><br>Wydawnictwa UW, Warszawa<\/p>\n\n\n\n<p>Imi\u0119 i nazwisko: <strong>Wies\u0142aw Bany\u015b (red.)<\/strong><br>Neophilologica. <strong>\u00c9tudes s\u00e9mantico-syntaxiques des langues romanes,<\/strong> t. 24<br>Wydawnictwo U\u015a, Katowice<\/p>\n\n\n\n<p>Imi\u0119 i nazwisko: <strong>Anna Bochnakowa, et al. (red.)<\/strong><br>Wyrazy francuskiego pochodzenia we wsp\u00f3\u0142czesnym j\u0119zyku polskim<br>Wydawnictwo UJ, Krak\u00f3w<\/p>\n\n\n\n<p>Imi\u0119 i nazwisko: <strong>Krzysztof Bogacki, Joanna Cholewa, Agata Rozumko (red.)<\/strong><br>Formal and semantic aspects of linguistic research. Aspects s\u00e9mantiques et formels dans les recherches linguistiques<br>Wydawnictwo Uniwersytetu w Bia\u0142ymstoku, Bia\u0142ystok<\/p>\n\n\n\n<p>Imi\u0119 i nazwisko: <strong>Dariusz Bralewski<\/strong><br>Od przek\u0142adu do s\u0142ownika. Korpus r\u00f3wnoleg\u0142y w redakcji s\u0142ownik\u00f3w t\u0142umaczeniowych<br>Oficyna Wydawnicza LEKSEM, \u0141ask<\/p>\n\n\n\n<p>Imi\u0119 i nazwisko: <strong>Anna Dutka-Ma\u0144kowska, Anna Kieliszczyk, Ewa Pilecka (red.)<br><\/strong>Grammaticis unitis. M\u00e9langes offerts \u00e0 Bohdan Krzysztof Bogacki<br>Wydawnictwa UW, Warszawa<\/p>\n\n\n\n<p>Imi\u0119 i nazwisko: <strong>Magdalena Szefli\u0144ska-Baran<\/strong><br>L&rsquo;humour dans la communication \u2013 la communication de l&rsquo;humour : \u00e9tude sociopragmatique du fonctionnement intra- et interlingual de l&rsquo;humour verbal<br>Wydawnictwo U\u0141, \u0141\u00f3d\u017a<\/p>\n\n\n\n<p>Imi\u0119 i nazwisko: <strong>Gra\u017cyna Vetulani<\/strong><br>Kolokacje werbo-nominalne jako samodzielne jednostki j\u0119zyka. Syntaktyczny s\u0142ownik kolokacji werbo-nominalnych j\u0119zyka polskiego na potrzeby zastosowa\u0144 informatycznych. Cz\u0119\u015b\u0107 I<br>Wydawnictwo Naukowe UAM, Pozna\u0144<\/p>\n\n\n\n<p>Imi\u0119 i nazwisko: <strong>Hanna Komorowska, Jolanta Zaj\u0105c (red.)<\/strong><br>Kompetencje j\u0119zykowe podstaw\u0105 sukcesu zawodowego i spo\u0142ecznego w Europie. Multilingual Competences for the Professional and Social Success in Europe<br>Fundacja Rozwoju Systemu Edukacji, Warszawa<\/p>\n\n\n\n<p>Imi\u0119 i nazwisko: <strong>Alice Reboul, Anne-Charlotte Boulinquez, Alicja Sobczak, Beata Zawisza<\/strong><br>Mobile A1. Podr\u0119cznik dla szk\u00f3\u0142 ponadgimnazjalnych [adaptacja polska]<br>Didier, Nowela, Paris, Pozna\u0144<\/p>\n\n\n\n<p>Imi\u0119 i nazwisko: <strong>Alice Reboul, Anne-Charlotte Boulinquez, G\u00e9raldine Fouquet, Alicja Sobczak, Beata Zawisza<\/strong><br>Mobile A1. Zeszyt \u0107wicze\u0144 [adaptacja polska]<br>Didier, Nowela, Paris, Pozna\u0144<\/p>\n\n\n\n<p>Imi\u0119 i nazwisko: <strong>Magdalena Sowa, Urszula Paprocka-Piotrowska (red.)<br>Travaux de jeunes chercheurs. <\/strong><strong>Acquisition et didactique des langues, <\/strong>12\/15, n\u00b0 3<br><strong>Wydawnictwo Werset, Lublin<\/strong><\/p>\n\n\n\n<p>Imi\u0119 i nazwisko: <strong>Freiderikos Valetopoulos, Jolanta Zaj\u0105c (red.)<\/strong><br><a href=\"http:\/\/bibliografia.icm.edu.pl\/g2\/english.pl?mod=p&amp;id=115784&amp;j=1&amp;id_jednostki=3919&amp;a=1&amp;c=1&amp;czasopismo=&amp;id_typu_dokonania=2&amp;id_jezyka=3&amp;lim=25&amp;ord=1\">Les comp\u00e9tences en progression. Un d\u00e9fi pour la didactique des langues<\/a><br>Institut d&rsquo;\u00c9tudes Romanes, Universit\u00e9 de Varsovie \/ Universit\u00e9 de Poitiers, Varsovie<\/p>\n\n\n\n<p>Imi\u0119 i nazwisko: <strong>Katarzyna Wo\u0142owska, Witold Wo\u0142owski (red.)<\/strong><br><em>Mots de liaison en fran\u00e7ais II<\/em><strong> (<\/strong><em>\u0141\u0105czniki w j\u0119zyku francuskim II<\/em><strong>), Neseserek Romanisty, n<sup>o<\/sup> 2<br>Wydawnictwo KUL, Lublin<\/strong><\/p>\n\n\n\n<p>Imi\u0119 i nazwisko: <strong>Urszula D\u0105mbska-Prokop<\/strong><br>O t\u0142umaczeniu \u017ale i dobrze<br>Wydawnictwo Sztuka i Wiedza, Krak\u00f3w<\/p>\n\n\n\n<p>Imi\u0119 i nazwisko: <strong>Karolina D\u0119bska<\/strong><br><a href=\"http:\/\/bibliografia.icm.edu.pl\/g2\/main.pl?mod=p&amp;id=109380&amp;a=1s=39348&amp;imie=Karolina&amp;nazwisko=D%c4%99bska&amp;lim=25&amp;ord=1\">Tekst polifoniczny jako przedmiot t\u0142umaczenia literackiego<\/a><br>Instytut Lingwistyki Stosowanej UW, Warszawa<\/p>\n\n\n\n<p>Imi\u0119 i nazwisko: <strong>Ma\u0142gorzata Tryuk<\/strong><br><a href=\"http:\/\/bibliografia.icm.edu.pl\/g2\/main.pl?mod=p&amp;id=109292&amp;j=1&amp;id_jednostki=3896&amp;a=1&amp;imie=ma%c5%82gorzata&amp;nazwisko=tryuk&amp;c=1&amp;czasopismo=&amp;lim=100000&amp;ord=1\">\u201eTy nic nie m\u00f3w, ja b\u0119d\u0119 t\u0142umaczy\u0142\u201d. O etyce w t\u0142umaczeniu ustnym<\/a><br>Wydz. Lingwistyki Stosowanej UW, Warszawa<\/p>\n\n\n\n<p>Imi\u0119 i nazwisko: <strong>Agnieszka W\u0142oczewska<\/strong><br>Ma\u0142y leksykon poj\u0119\u0107 i termin\u00f3w frankofo\u0144skich<br>Wydawnictwo Uniwersytetu w Bia\u0142ymstoku, Bia\u0142ystok<\/p>\n\n\n\n<p>Imi\u0119 i nazwisko: <strong>Joanna G\u00f3rnikiewicz, Iwona Piechnik, Marcela \u015awi\u0105tkowska (red.)<\/strong><br>Le Petit Prince et les copains au pays des traductions. \u00c9tudes d\u00e9di\u00e9es \u00e0 Urszula D\u0105mbska-Prokop, Ksi\u0119garnia Akademicka, Krak\u00f3w<br><br>Imi\u0119 i nazwisko: <strong>Alicja Kacprzak, Agnieszka Konowska, <\/strong><strong>Mieczys\u0142aw Gajos (red.)<\/strong><br>Pluralit\u00e9&nbsp; des&nbsp; cultures:&nbsp; chances&nbsp; ou&nbsp; menaces ?&nbsp; Point&nbsp; de&nbsp; vue&nbsp; linguistique&nbsp; et didactique<br>Oficyna Wydawnicza LEKSEM, \u0141ask<\/p>\n\n\n\n<p>Imi\u0119 i nazwisko: <strong>Teresa Tomaszkiewicz, Gra\u017cyna Vetulani (red.)<\/strong><br>L\u2019apport linguistique et culturel fran\u00e7ais \u00e0 l\u2019Europe : du pass\u00e9 aux d\u00e9fis de l\u2019avenir<strong><br><\/strong>Oficyna Wydawnicza LEKSEM, \u0141ask<\/p>\n","protected":false},"excerpt":{"rendered":"<p>Imi\u0119 i nazwisko: Micha\u0142 Bajer (t\u0142um., red.)Trzy poetyki z czas\u00f3w Richelieus\u0142owo \/obraz terytoria, Gda\u0144sk Imi\u0119 i nazwisko: David Diop, Patrick<\/p>\n","protected":false},"author":1,"featured_media":0,"parent":33,"menu_order":0,"comment_status":"closed","ping_status":"closed","template":"","meta":{"footnotes":""},"class_list":["post-53","page","type-page","status-publish","hentry","comments-off"],"_links":{"self":[{"href":"https:\/\/plejada.romanisci.edu.pl\/fr\/wp-json\/wp\/v2\/pages\/53","targetHints":{"allow":["GET"]}}],"collection":[{"href":"https:\/\/plejada.romanisci.edu.pl\/fr\/wp-json\/wp\/v2\/pages"}],"about":[{"href":"https:\/\/plejada.romanisci.edu.pl\/fr\/wp-json\/wp\/v2\/types\/page"}],"author":[{"embeddable":true,"href":"https:\/\/plejada.romanisci.edu.pl\/fr\/wp-json\/wp\/v2\/users\/1"}],"replies":[{"embeddable":true,"href":"https:\/\/plejada.romanisci.edu.pl\/fr\/wp-json\/wp\/v2\/comments?post=53"}],"version-history":[{"count":2,"href":"https:\/\/plejada.romanisci.edu.pl\/fr\/wp-json\/wp\/v2\/pages\/53\/revisions"}],"predecessor-version":[{"id":607,"href":"https:\/\/plejada.romanisci.edu.pl\/fr\/wp-json\/wp\/v2\/pages\/53\/revisions\/607"}],"up":[{"embeddable":true,"href":"https:\/\/plejada.romanisci.edu.pl\/fr\/wp-json\/wp\/v2\/pages\/33"}],"wp:attachment":[{"href":"https:\/\/plejada.romanisci.edu.pl\/fr\/wp-json\/wp\/v2\/media?parent=53"}],"curies":[{"name":"wp","href":"https:\/\/api.w.org\/{rel}","templated":true}]}}